{"version":"1.0","provider_name":"\u00c1s\u00f3, kapa, kemence","provider_url":"https:\/\/asokapa.cafeblog.hu","author_name":"Seafalcon","author_url":"https:\/\/asokapa.cafeblog.hu\/author\/seafalcon\/","title":"Nem adom fel!","html":"S1 - 026 nap. 2016. febru\u00e1r 7.\r\n\r\nNyolc napot t\u00e1vol voltam. \u00dagy gondoltam, hogy technikailag kell\u0151k\u00e9ppen felk\u00e9sz\u00fcltem, Kell vil\u00e1g\u00edt\u00e1s, megfelel\u0151 h\u0151m\u00e9rs\u00e9klet \u00e9s \u00f6nt\u00f6z\u00e9s. M\u0171k\u00f6d\u00f6tt a vil\u00e1g\u00edt\u00e1s automatika, ezzel semmi gond. Egy \u00f6nt\u00f6z\u0151rendszert is be\u00e1ll\u00edtottam. Sajnos ez az utols\u00f3 pillanatban \u00e9rkezett meg, \u00edgy nem volt sok id\u0151m k\u00eds\u00e9rletezgetni, sok vesz\u0151ds\u00e9ggel \u00fagy, ahogy m\u0171k\u00f6d\u0151k\u00e9pess\u00e9 tettem. Ezzel az egyik baj az volt, hogy a v\u00edz mag\u00e1t\u00f3l h\u00fclye, \u00e9s nem akar felfel\u00e9 folyni. A m\u00e1sik, hogy nem nekem, hanem egy bizonyos Bernoullinak fogad sz\u00f3t \u00e9s nem nekem.\r\n<p style=\"text-align: center\"><iframe src=\"https:\/\/www.youtube.com\/embed\/WKoPMwur-IM\" width=\"560\" height=\"315\" frameborder=\"0\"><\/iframe><\/p>\r\n<p style=\"text-align: justify\">El\u0151sz\u00f6r is arra kellett r\u00e1j\u00f6nn\u00f6m, hogy nem igaz\u00e1n tudok emeletes \u00f6nt\u00f6z\u0151rendszert kialak\u00edtani a megl\u00e9v\u0151 eszk\u00f6zeimmel, mert emiatt a bizonyos francia krapek miatt a v\u00edz az als\u00f3 t\u00e1lc\u00e1ba akar folyni, k\u00f6z\u00e9pre sokkal kevesebb, \u00e9s a legf\u00f6ls\u0151be meg alig. Sz\u00f3val ilyenek a franci\u00e1k, t\u00f6k megb\u00edzhatatlanok. Ez\u00e9rt \u00fagy kellett elrendeznem a t\u00e1lc\u00e1kat, hogy a kifoly\u00f3 cs\u00f6vek (3 darab) k\u00f6zel azonos magass\u00e1gban legyenek. A fels\u0151 t\u00e1lc\u00e1ban elfektettem, a k\u00e9t als\u00f3ba meg szabad cs\u00f6v\u00f6n kereszt\u00fcl folyattam. \u00d6sszej\u00f6tt, \u00fagy-ahogy ki tudtam szintezni is a t\u00e1lc\u00e1kat.<\/p>\r\n<p style=\"text-align: justify\">Hogyan lesz kell\u0151en meleg, ha nincs f\u0171t\u00e9s. Az e-Bayen vettem k\u00e9t meleg\u00edt\u0151 f\u00f3li\u00e1t, 28 wattosat, \u00e1ll\u00edthat\u00f3 r\u00e1ad\u00e1sul a h\u0151m\u00e9rs\u00e9klet. Persze semmi jel\u00f6l\u00e9s, hogy itt h\u00e1ny a fok, ott meg mennyi? Ezt mint egy transzcendes guru, k\u00e9zr\u00e1t\u00e9tellel \u00e1llap\u00edtottam meg (no meg egy h\u0151m\u00e9r\u0151vel).<\/p>\r\n<p style=\"text-align: justify\">Minden bel\u0151ve, felment\u00fcnk Pestre unok\u00e1zni, meg tan\u00edtottam, meg minden, nyolc nap m\u00falva haza.<\/p>\r\n<p style=\"text-align: justify\">Nagyon elkeseredtem, amikor azt l\u00e1ttam, hogy a f\u00f6ld kisz\u00e1radt, \u00e9s alig-alig b\u00fajt ki n\u00e9h\u00e1ny mag. Mind\u00f6ssze 18%-a kelt ki az el\u00fcltetetteknek. Nyilv\u00e1n elsz\u00e1moltam a vizet, mert a meleg\u00edt\u0151f\u00f3lia j\u00f3l kisz\u00e1r\u00edthatta a f\u00f6ldet... Annyit siker\u00fclt meg\u00e1llap\u00edtanom, hogy ezek a kis\u00e1llatoknak val\u00f3 meleg\u00edt\u0151f\u00f3li\u00e1k nem b\u00edrj\u00e1k a nyolc napos 24 \u00f3r\u00e1s \u00fczemet, mert az egyik m\u00e1r t\u00f6nkrement, a m\u00e1sik p\u00e1r perc m\u00falva csattant, amikor haza\u00e9rt\u00fcnk.<\/p>\r\n<p style=\"text-align: justify\"><img class=\"imgnotext open-in-modal\" src=\"https:\/\/asokapa.cafeblog.hu\/files\/2016\/02\/2016-01-27-palantatalca-002.jpg\" alt=\"2016-01-27-palantatalca-002.jpg\" width=\"554\" height=\"415\" \/><\/p>\r\n<p style=\"text-align: justify\">Persze azonnal alaposan meglocsoltam \u0151ket, \u00e9s v\u00e1rtam, hogy h\u00e1tha... Annyi t\u00f6rt\u00e9nt, hogy \u2013 h\u00e1l' Istennek \u2013 k\u00e9t Carolina Reaper kikelt m\u00e9g, \u00e9s a Trinidad Morug\u00e1b\u00f3l is lett h\u00e1rom darab, valamint a 7 Pot Brownb\u00f3l is, \u00edgy a leger\u0151sebbekb\u0151l lesz mutat\u00f3ba.<\/p>\r\n<p style=\"text-align: justify\">H\u00e1rom nap m\u00falva neki\u00e1lltam, hogy kib\u00e1ny\u00e1sszam az eg\u00e9sz pal\u00e1ntat\u00e1lc\u00e1t, b\u00e1r tudom, nincs m\u00e9g ideje az \u00e1t\u00fcltet\u00e9snek. Tal\u00e1ltam m\u00e9g \u00e9l\u0151 magokat felt\u00f6rekv\u0151 cs\u00edr\u00e1val, ezeket el\u00fcltettem. \u00dagy gondolom. az is baj volt, hogy t\u00fal m\u00e9lyre tettem a magokat. Ugyanis n\u00e9h\u00e1ny mag kikelt, de valami miatt teljesen \u00f6ssze volt gubancol\u00f3dva a f\u00f6ld alatt, a mag k\u00f6r\u00e9 tekeredve aminek sz\u00e1rnak kellett volna lenni. Nem tudom, mi lehetett az oka.<\/p>\r\n<p style=\"text-align: justify\">No, mindegy. Kis m\u0171anyag cserepekbe ker\u00fcltek, fele pal\u00e1ntaf\u00f6ld, fele k\u00f3kuszrost, \u00e9s neki\u00e1lltam a marad\u00e9k magokb\u00f3l p\u00f3tolni. T\u00f6r\u00f6lget\u0151 kend\u0151t nedves\u00edtettem meg, \u00e9s k\u00f6z\u00e9 tettem a magokat, azt egy m\u0171anyag dobozba, ami a k\u00e1lyha tetej\u00e9re ker\u00fclt egy vastag laticell darabra, hogy ne k\u00f6zvetlen\u00fcl \u00e9rintkezzen a csemp\u00e9vel a doboz.<\/p>\r\n<p style=\"text-align: justify\"><img class=\"imgnotext open-in-modal\" src=\"https:\/\/asokapa.cafeblog.hu\/files\/2016\/02\/2016-01-31magok.jpg\" alt=\"2016-01-31magok.jpg\" width=\"549\" height=\"411\" \/><\/p>\r\n<p style=\"text-align: justify\">Okulva a kudarcb\u00f3l, kisebb pal\u00e1ntat\u00e1lc\u00e1t haszn\u00e1ltam, 24 darabosat, \u00e9s ezeknek van teteje is, tartj\u00e1k a p\u00e1r\u00e1t.<\/p>\r\n<p style=\"text-align: justify\">M\u00e9g nincs fot\u00f3, de az \u00fcltet\u00e9s ut\u00e1ni napon az els\u0151 Thai Dragon m\u00e1r ki is b\u00fajt, holott az el\u0151z\u0151 ereszt\u00e9sben mind a hat mag megh\u00f3tt.<\/p>\r\n<p style=\"text-align: justify\">Most megint rem\u00e9nykedem, \u00e9s v\u00e1rakoz\u00f3 \u00e1ll\u00e1sponton vagyok...<\/p>\r\n<p style=\"text-align: justify\">Nem adom fel!<\/p>\r\n<p style=\"text-align: justify\"><\/p>","type":"rich"}